{"id":15326,"date":"2018-07-17T07:50:55","date_gmt":"2018-07-17T05:50:55","guid":{"rendered":"https:\/\/www.escolademusicadepalma.cat\/donde-estamos\/"},"modified":"2023-09-11T18:45:20","modified_gmt":"2023-09-11T16:45:20","slug":"donde-estamos","status":"publish","type":"page","link":"https:\/\/www.escolademusicadepalma.cat\/es\/donde-estamos\/","title":{"rendered":"D\u00f3nde estamos"},"content":{"rendered":"<div class=\"wpb-content-wrapper\"><p>[vc_row css=&#8221;.vc_custom_1536566360146{margin-bottom: 80px !important;}&#8221; el_class=&#8221;hidden-sm hidden-xs&#8221;][vc_column width=&#8221;1\/6&#8243;][vc_single_image image=&#8221;12260&#8243; img_size=&#8221;full&#8221; alignment=&#8221;center&#8221; css=&#8221;.vc_custom_1535615408551{padding-top: 30px !important;}&#8221;][\/vc_column][vc_column width=&#8221;2\/6&#8243; css=&#8221;.vc_custom_1535617070711{padding-top: 40px !important;padding-right: 40px !important;padding-bottom: 40px !important;padding-left: 40px !important;background-color: #ffffff !important;}&#8221;][vc_column_text css=&#8221;.vc_custom_1535615417547{margin-bottom: 0px !important;padding-bottom: 10px !important;}&#8221;]<\/p>\n<h2>D\u00f3nde estamos<\/h2>\n<p>[\/vc_column_text][vc_separator color=&#8221;custom&#8221; align=&#8221;align_left&#8221; border_width=&#8221;5&#8243; el_width=&#8221;10&#8243; accent_color=&#8221;#50e0c7&#8243; css=&#8221;.vc_custom_1531986337582{padding-bottom: 20px !important;}&#8221;][\/vc_column][vc_column width=&#8221;2\/6&#8243; css=&#8221;.vc_custom_1535617145845{margin-left: 40px !important;padding-top: 40px !important;padding-right: 40px !important;padding-bottom: 40px !important;padding-left: 40px !important;background-color: #ffffff !important;}&#8221;]<div class=\"aio-icon-component  vc_custom_1535620756250   style_1\"><div id=\"Info-box-wrap-2791\" class=\"aio-icon-box left-icon\" style=\"\"  ><div class=\"aio-icon-left\"><div class=\"ult-just-icon-wrapper  \"><div class=\"align-icon\" style=\"text-align:center;\">\n<div class=\"aio-icon none \" data-animation=\"fadeInUp\" data-animation-delay=\"03\" style=\"color:#50e0c7;font-size:32px;display:inline-block;\">\n\t<i class=\"Defaults-map-marker\"><\/i>\n<\/div><\/div><\/div><\/div><div class=\"aio-ibd-block\"><div class=\"aio-icon-header\" ><h3 class=\"aio-icon-title ult-responsive\"  data-ultimate-target='#Info-box-wrap-2791 .aio-icon-title'  data-responsive-json-new='{\"font-size\":\"desktop:18px;\",\"line-height\":\"\"}'  style=\"color:#222222;\">C\/ Blanquers, 2 07001, Palma<br \/>\nEdificio Teatro Municipal Xesc Forteza<\/h3><\/div> <!-- header --><\/div> <!-- aio-ibd-block --><\/div> <!-- aio-icon-box --><\/div> <!-- aio-icon-component --><div class=\"aio-icon-component  vc_custom_1535617181113   style_1\"><div id=\"Info-box-wrap-8796\" class=\"aio-icon-box left-icon\" style=\"\"  ><div class=\"aio-icon-left\"><div class=\"ult-just-icon-wrapper  \"><div class=\"align-icon\" style=\"text-align:center;\">\n<div class=\"aio-icon none \" data-animation=\"fadeInUp\" data-animation-delay=\"03\" style=\"color:#50e0c7;font-size:32px;display:inline-block;\">\n\t<i class=\"Defaults-phone\"><\/i>\n<\/div><\/div><\/div><\/div><div class=\"aio-ibd-block\"><div class=\"aio-icon-header\" ><h3 class=\"aio-icon-title ult-responsive\"  data-ultimate-target='#Info-box-wrap-8796 .aio-icon-title'  data-responsive-json-new='{\"font-size\":\"desktop:18px;\",\"line-height\":\"\"}'  style=\"font-weight:bold;color:#222222;\">971 71 91 27<\/h3><\/div> <!-- header --><\/div> <!-- aio-ibd-block --><\/div> <!-- aio-icon-box --><\/div> <!-- aio-icon-component --><div class=\"aio-icon-component  vc_custom_1535619401916   style_1\"><div id=\"Info-box-wrap-7308\" class=\"aio-icon-box left-icon\" style=\"\"  ><div class=\"aio-icon-left\"><div class=\"ult-just-icon-wrapper  \"><div class=\"align-icon\" style=\"text-align:center;\">\n<div class=\"aio-icon none \" data-animation=\"fadeInUp\" data-animation-delay=\"03\" style=\"color:#50e0c7;font-size:26px;display:inline-block;\">\n\t<i class=\"Defaults-envelope\"><\/i>\n<\/div><\/div><\/div><\/div><div class=\"aio-ibd-block\"><div class=\"aio-icon-header\" ><h3 class=\"aio-icon-title ult-responsive\"  data-ultimate-target='#Info-box-wrap-7308 .aio-icon-title'  data-responsive-json-new='{\"font-size\":\"desktop:18px;\",\"line-height\":\"\"}'  style=\"font-weight:bold;color:#222222;\">admiescolamusica@gmail.com<\/h3><\/div> <!-- header --><\/div> <!-- aio-ibd-block --><\/div> <!-- aio-icon-box --><\/div> <!-- aio-icon-component -->[\/vc_column][vc_column width=&#8221;1\/6&#8243;][\/vc_column][\/vc_row][vc_row css=&#8221;.vc_custom_1536566369512{margin-bottom: 80px !important;}&#8221; el_class=&#8221;hidden-lg hidden-md visible-sm visible-xs&#8221;][vc_column width=&#8221;1\/4&#8243;][vc_single_image image=&#8221;12260&#8243; img_size=&#8221;full&#8221; alignment=&#8221;center&#8221; css=&#8221;.vc_custom_1535615408551{padding-top: 30px !important;}&#8221;][\/vc_column][vc_column width=&#8221;1\/2&#8243; css=&#8221;.vc_custom_1535620808935{padding-top: 20px !important;padding-right: 20px !important;padding-left: 20px !important;background-color: #ffffff !important;}&#8221;][vc_column_text css=&#8221;.vc_custom_1535615417547{margin-bottom: 0px !important;padding-bottom: 10px !important;}&#8221;]<\/p>\n<h2>D\u00f3nde estamos<\/h2>\n<p>[\/vc_column_text][vc_separator color=&#8221;custom&#8221; align=&#8221;align_left&#8221; border_width=&#8221;5&#8243; el_width=&#8221;10&#8243; accent_color=&#8221;#50e0c7&#8243;]<div class=\"aio-icon-component  vc_custom_1535620769153   style_1\"><div id=\"Info-box-wrap-5028\" class=\"aio-icon-box left-icon\" style=\"\"  ><div class=\"aio-icon-left\"><div class=\"ult-just-icon-wrapper  \"><div class=\"align-icon\" style=\"text-align:center;\">\n<div class=\"aio-icon none \" data-animation=\"fadeInUp\" data-animation-delay=\"03\" style=\"color:#50e0c7;font-size:32px;display:inline-block;\">\n\t<i class=\"Defaults-map-marker\"><\/i>\n<\/div><\/div><\/div><\/div><div class=\"aio-ibd-block\"><div class=\"aio-icon-description ult-responsive\"  data-ultimate-target='#Info-box-wrap-5028 .aio-icon-description'  data-responsive-json-new='{\"font-size\":\"\",\"line-height\":\"\"}'  style=\"\">C\/ Blanquers, 2 07001, Palma<br \/>\nEdificio Teatro Municipal Xesc Forteza<\/div> <!-- description --><\/div> <!-- aio-ibd-block --><\/div> <!-- aio-icon-box --><\/div> <!-- aio-icon-component --><div class=\"aio-icon-component  vc_custom_1535620705049   style_1\"><div id=\"Info-box-wrap-7135\" class=\"aio-icon-box left-icon\" style=\"\"  ><div class=\"aio-icon-left\"><div class=\"ult-just-icon-wrapper  \"><div class=\"align-icon\" style=\"text-align:center;\">\n<div class=\"aio-icon none \" data-animation=\"fadeInUp\" data-animation-delay=\"03\" style=\"color:#50e0c7;font-size:32px;display:inline-block;\">\n\t<i class=\"Defaults-phone\"><\/i>\n<\/div><\/div><\/div><\/div><div class=\"aio-ibd-block\"><div class=\"aio-icon-description ult-responsive\"  data-ultimate-target='#Info-box-wrap-7135 .aio-icon-description'  data-responsive-json-new='{\"font-size\":\"\",\"line-height\":\"\"}'  style=\"\">971 71 91 27<\/div> <!-- description --><\/div> <!-- aio-ibd-block --><\/div> <!-- aio-icon-box --><\/div> <!-- aio-icon-component --><div class=\"aio-icon-component  vc_custom_1535620710876   style_1\"><div id=\"Info-box-wrap-7791\" class=\"aio-icon-box left-icon\" style=\"\"  ><div class=\"aio-icon-left\"><div class=\"ult-just-icon-wrapper  \"><div class=\"align-icon\" style=\"text-align:center;\">\n<div class=\"aio-icon none \" data-animation=\"fadeInUp\" data-animation-delay=\"03\" style=\"color:#50e0c7;font-size:26px;display:inline-block;\">\n\t<i class=\"Defaults-envelope\"><\/i>\n<\/div><\/div><\/div><\/div><div class=\"aio-ibd-block\"><div class=\"aio-icon-description ult-responsive\"  data-ultimate-target='#Info-box-wrap-7791 .aio-icon-description'  data-responsive-json-new='{\"font-size\":\"\",\"line-height\":\"\"}'  style=\"\">admiescolamusica@gmail.com<\/div> <!-- description --><\/div> <!-- aio-ibd-block --><\/div> <!-- aio-icon-box --><\/div> <!-- aio-icon-component -->[\/vc_column][vc_column width=&#8221;1\/4&#8243; css=&#8221;.vc_custom_1536566407725{padding-right: 20px !important;padding-bottom: 20px !important;padding-left: 20px !important;}&#8221;][\/vc_column][\/vc_row][vc_row full_width=&#8221;stretch_row_content_no_spaces&#8221; css=&#8221;.vc_custom_1535617224705{margin-top: 0px !important;padding-top: 0px !important;padding-bottom: 0px !important;}&#8221;][vc_column][vc_gmaps link=&#8221;#E-8_JTNDaWZyYW1lJTIwc3JjJTNEJTIyaHR0cHMlM0ElMkYlMkZ3d3cuZ29vZ2xlLmNvbSUyRm1hcHMlMkZlbWJlZCUzRnBiJTNEJTIxMW0xOCUyMTFtMTIlMjExbTMlMjExZDE1MzcuODUyNjY3MTU2MjkyNyUyMTJkMi42NTIzMTk4OTM0NTA1NjMlMjEzZDM5LjU2NjI1MTI2OTExMjI0JTIxMm0zJTIxMWYwJTIxMmYwJTIxM2YwJTIxM20yJTIxMWkxMDI0JTIxMmk3NjglMjE0ZjEzLjElMjEzbTMlMjExbTIlMjExczB4MTI5NzkyNGU5ZjI0YTRiMyUyNTNBMHg5ZWVmYjMxNmFkM2VjMzE3JTIxMnNDYXJyZXIlMkJkZWxzJTJCQmxhbnF1ZXJzJTI1MkMlMkIyJTI1MkMlMkIwNzAwMSUyQlBhbG1hJTI1MkMlMkJJbGxlcyUyQkJhbGVhcnMlMjE1ZTAlMjEzbTIlMjExc2VzJTIxMnNlcyUyMTR2MTUzNTUzNzY3MTE4MCUyMiUyMHdpZHRoJTNEJTIyODAwJTIyJTIwaGVpZ2h0JTNEJTIyODAwJTIyJTIwZnJhbWVib3JkZXIlM0QlMjIwJTIyJTIwc3R5bGUlM0QlMjJib3JkZXIlM0EwJTIyJTIwYWxsb3dmdWxsc2NyZWVuJTNEJTIyJTIyJTNFJTNDJTJGaWZyYW1lJTNF&#8221; size=&#8221;600px&#8221; css=&#8221;.vc_custom_1535538377804{margin-top: -30px !important;padding-top: 0px !important;padding-right: 0px !important;padding-bottom: 0px !important;padding-left: 0px !important;}&#8221;][\/vc_column][\/vc_row]<\/p>\n<\/div>","protected":false},"excerpt":{"rendered":"<p>[vc_row css=&#8221;.vc_custom_1536566360146{margin-bottom: 80px !important;}&#8221; el_class=&#8221;hidden-sm hidden-xs&#8221;][vc_column width=&#8221;1\/6&#8243;][vc_single_image image=&#8221;12260&#8243; img_size=&#8221;full&#8221; alignment=&#8221;center&#8221; css=&#8221;.vc_custom_1535615408551{padding-top: 30px !important;}&#8221;][\/vc_column][vc_column width=&#8221;2\/6&#8243; css=&#8221;.vc_custom_1535617070711{padding-top: 40px !important;padding-right: 40px !important;padding-bottom: 40px !important;padding-left: 40px !important;background-color: #ffffff !important;}&#8221;][vc_column_text css=&#8221;.vc_custom_1535615417547{margin-bottom: 0px !important;padding-bottom: 10px !important;}&#8221;]&#8230;<\/p>\n","protected":false},"author":1,"featured_media":0,"parent":0,"menu_order":0,"comment_status":"closed","ping_status":"closed","template":"","meta":{"footnotes":""},"class_list":["post-15326","page","type-page","status-publish","hentry"],"yoast_head":"<!-- This site is optimized with the Yoast SEO plugin v27.4 - https:\/\/yoast.com\/product\/yoast-seo-wordpress\/ -->\n<title>D\u00f3nde estamos y contacto - Escola Municipal de M\u00fasica de Palma<\/title>\n<meta name=\"description\" content=\"Conservatorio Elemental y Escuela municipal de M\u00fasica de Palma. Ense\u00f1anzas regladas y no regladas de diferentes tipos de instrumentos.\" \/>\n<meta name=\"robots\" content=\"index, follow, max-snippet:-1, max-image-preview:large, max-video-preview:-1\" \/>\n<link rel=\"canonical\" href=\"https:\/\/www.escolademusicadepalma.cat\/es\/donde-estamos\/\" \/>\n<meta property=\"og:locale\" content=\"es_ES\" \/>\n<meta property=\"og:type\" content=\"article\" \/>\n<meta property=\"og:title\" content=\"D\u00f3nde estamos y contacto - Escola Municipal de M\u00fasica de Palma\" \/>\n<meta property=\"og:description\" content=\"Conservatorio Elemental y Escuela municipal de M\u00fasica de Palma. Ense\u00f1anzas regladas y no regladas de diferentes tipos de instrumentos.\" \/>\n<meta property=\"og:url\" content=\"https:\/\/www.escolademusicadepalma.cat\/es\/donde-estamos\/\" \/>\n<meta property=\"og:site_name\" content=\"Escola Municipal de M\u00fasica de Palma\" \/>\n<meta property=\"article:publisher\" content=\"https:\/\/www.facebook.com\/Escola-Municipal-de-M%c3%basica-de-Palma-428692967192319\/\" \/>\n<meta property=\"article:modified_time\" content=\"2023-09-11T16:45:20+00:00\" \/>\n<meta name=\"twitter:card\" content=\"summary_large_image\" \/>\n<meta name=\"twitter:site\" content=\"@esm_musicapalma\" \/>\n<meta name=\"twitter:label1\" content=\"Tiempo de lectura\" \/>\n\t<meta name=\"twitter:data1\" content=\"3 minutos\" \/>\n<script type=\"application\/ld+json\" class=\"yoast-schema-graph\">{\"@context\":\"https:\\\/\\\/schema.org\",\"@graph\":[{\"@type\":\"WebPage\",\"@id\":\"https:\\\/\\\/www.escolademusicadepalma.cat\\\/es\\\/donde-estamos\\\/\",\"url\":\"https:\\\/\\\/www.escolademusicadepalma.cat\\\/es\\\/donde-estamos\\\/\",\"name\":\"D\u00f3nde estamos y contacto - Escola Municipal de M\u00fasica de Palma\",\"isPartOf\":{\"@id\":\"https:\\\/\\\/www.escolademusicadepalma.cat\\\/es\\\/#website\"},\"datePublished\":\"2018-07-17T05:50:55+00:00\",\"dateModified\":\"2023-09-11T16:45:20+00:00\",\"description\":\"Conservatorio Elemental y Escuela municipal de M\u00fasica de Palma. Ense\u00f1anzas regladas y no regladas de diferentes tipos de instrumentos.\",\"breadcrumb\":{\"@id\":\"https:\\\/\\\/www.escolademusicadepalma.cat\\\/es\\\/donde-estamos\\\/#breadcrumb\"},\"inLanguage\":\"es\",\"potentialAction\":[{\"@type\":\"ReadAction\",\"target\":[\"https:\\\/\\\/www.escolademusicadepalma.cat\\\/es\\\/donde-estamos\\\/\"]}]},{\"@type\":\"BreadcrumbList\",\"@id\":\"https:\\\/\\\/www.escolademusicadepalma.cat\\\/es\\\/donde-estamos\\\/#breadcrumb\",\"itemListElement\":[{\"@type\":\"ListItem\",\"position\":1,\"name\":\"Inici\",\"item\":\"https:\\\/\\\/www.escolademusicadepalma.cat\\\/es\\\/inicio-2\\\/\"},{\"@type\":\"ListItem\",\"position\":2,\"name\":\"D\u00f3nde estamos\"}]},{\"@type\":\"WebSite\",\"@id\":\"https:\\\/\\\/www.escolademusicadepalma.cat\\\/es\\\/#website\",\"url\":\"https:\\\/\\\/www.escolademusicadepalma.cat\\\/es\\\/\",\"name\":\"Escola Municipal de M\u00fasica de Palma\",\"description\":\"Escola Municipal de M\u00fasica de Palma\",\"publisher\":{\"@id\":\"https:\\\/\\\/www.escolademusicadepalma.cat\\\/es\\\/#organization\"},\"potentialAction\":[{\"@type\":\"SearchAction\",\"target\":{\"@type\":\"EntryPoint\",\"urlTemplate\":\"https:\\\/\\\/www.escolademusicadepalma.cat\\\/es\\\/?s={search_term_string}\"},\"query-input\":{\"@type\":\"PropertyValueSpecification\",\"valueRequired\":true,\"valueName\":\"search_term_string\"}}],\"inLanguage\":\"es\"},{\"@type\":\"Organization\",\"@id\":\"https:\\\/\\\/www.escolademusicadepalma.cat\\\/es\\\/#organization\",\"name\":\"Escola de M\u00fasica de Palma\",\"url\":\"https:\\\/\\\/www.escolademusicadepalma.cat\\\/es\\\/\",\"logo\":{\"@type\":\"ImageObject\",\"inLanguage\":\"es\",\"@id\":\"https:\\\/\\\/www.escolademusicadepalma.cat\\\/es\\\/#\\\/schema\\\/logo\\\/image\\\/\",\"url\":\"https:\\\/\\\/www.escolademusicadepalma.cat\\\/wp-content\\\/uploads\\\/2018\\\/11\\\/2.jpg\",\"contentUrl\":\"https:\\\/\\\/www.escolademusicadepalma.cat\\\/wp-content\\\/uploads\\\/2018\\\/11\\\/2.jpg\",\"width\":455,\"height\":146,\"caption\":\"Escola de M\u00fasica de Palma\"},\"image\":{\"@id\":\"https:\\\/\\\/www.escolademusicadepalma.cat\\\/es\\\/#\\\/schema\\\/logo\\\/image\\\/\"},\"sameAs\":[\"https:\\\/\\\/www.facebook.com\\\/Escola-Municipal-de-M\u00fasica-de-Palma-428692967192319\\\/\",\"https:\\\/\\\/x.com\\\/esm_musicapalma\",\"https:\\\/\\\/www.youtube.com\\\/channel\\\/UCTzSeD3hnXAQl-8uQo1NHOA\\\/featured\"]}]}<\/script>\n<!-- \/ Yoast SEO plugin. -->","yoast_head_json":{"title":"D\u00f3nde estamos y contacto - Escola Municipal de M\u00fasica de Palma","description":"Conservatorio Elemental y Escuela municipal de M\u00fasica de Palma. Ense\u00f1anzas regladas y no regladas de diferentes tipos de instrumentos.","robots":{"index":"index","follow":"follow","max-snippet":"max-snippet:-1","max-image-preview":"max-image-preview:large","max-video-preview":"max-video-preview:-1"},"canonical":"https:\/\/www.escolademusicadepalma.cat\/es\/donde-estamos\/","og_locale":"es_ES","og_type":"article","og_title":"D\u00f3nde estamos y contacto - Escola Municipal de M\u00fasica de Palma","og_description":"Conservatorio Elemental y Escuela municipal de M\u00fasica de Palma. Ense\u00f1anzas regladas y no regladas de diferentes tipos de instrumentos.","og_url":"https:\/\/www.escolademusicadepalma.cat\/es\/donde-estamos\/","og_site_name":"Escola Municipal de M\u00fasica de Palma","article_publisher":"https:\/\/www.facebook.com\/Escola-Municipal-de-M%c3%basica-de-Palma-428692967192319\/","article_modified_time":"2023-09-11T16:45:20+00:00","twitter_card":"summary_large_image","twitter_site":"@esm_musicapalma","twitter_misc":{"Tiempo de lectura":"3 minutos"},"schema":{"@context":"https:\/\/schema.org","@graph":[{"@type":"WebPage","@id":"https:\/\/www.escolademusicadepalma.cat\/es\/donde-estamos\/","url":"https:\/\/www.escolademusicadepalma.cat\/es\/donde-estamos\/","name":"D\u00f3nde estamos y contacto - Escola Municipal de M\u00fasica de Palma","isPartOf":{"@id":"https:\/\/www.escolademusicadepalma.cat\/es\/#website"},"datePublished":"2018-07-17T05:50:55+00:00","dateModified":"2023-09-11T16:45:20+00:00","description":"Conservatorio Elemental y Escuela municipal de M\u00fasica de Palma. Ense\u00f1anzas regladas y no regladas de diferentes tipos de instrumentos.","breadcrumb":{"@id":"https:\/\/www.escolademusicadepalma.cat\/es\/donde-estamos\/#breadcrumb"},"inLanguage":"es","potentialAction":[{"@type":"ReadAction","target":["https:\/\/www.escolademusicadepalma.cat\/es\/donde-estamos\/"]}]},{"@type":"BreadcrumbList","@id":"https:\/\/www.escolademusicadepalma.cat\/es\/donde-estamos\/#breadcrumb","itemListElement":[{"@type":"ListItem","position":1,"name":"Inici","item":"https:\/\/www.escolademusicadepalma.cat\/es\/inicio-2\/"},{"@type":"ListItem","position":2,"name":"D\u00f3nde estamos"}]},{"@type":"WebSite","@id":"https:\/\/www.escolademusicadepalma.cat\/es\/#website","url":"https:\/\/www.escolademusicadepalma.cat\/es\/","name":"Escola Municipal de M\u00fasica de Palma","description":"Escola Municipal de M\u00fasica de Palma","publisher":{"@id":"https:\/\/www.escolademusicadepalma.cat\/es\/#organization"},"potentialAction":[{"@type":"SearchAction","target":{"@type":"EntryPoint","urlTemplate":"https:\/\/www.escolademusicadepalma.cat\/es\/?s={search_term_string}"},"query-input":{"@type":"PropertyValueSpecification","valueRequired":true,"valueName":"search_term_string"}}],"inLanguage":"es"},{"@type":"Organization","@id":"https:\/\/www.escolademusicadepalma.cat\/es\/#organization","name":"Escola de M\u00fasica de Palma","url":"https:\/\/www.escolademusicadepalma.cat\/es\/","logo":{"@type":"ImageObject","inLanguage":"es","@id":"https:\/\/www.escolademusicadepalma.cat\/es\/#\/schema\/logo\/image\/","url":"https:\/\/www.escolademusicadepalma.cat\/wp-content\/uploads\/2018\/11\/2.jpg","contentUrl":"https:\/\/www.escolademusicadepalma.cat\/wp-content\/uploads\/2018\/11\/2.jpg","width":455,"height":146,"caption":"Escola de M\u00fasica de Palma"},"image":{"@id":"https:\/\/www.escolademusicadepalma.cat\/es\/#\/schema\/logo\/image\/"},"sameAs":["https:\/\/www.facebook.com\/Escola-Municipal-de-M\u00fasica-de-Palma-428692967192319\/","https:\/\/x.com\/esm_musicapalma","https:\/\/www.youtube.com\/channel\/UCTzSeD3hnXAQl-8uQo1NHOA\/featured"]}]}},"_links":{"self":[{"href":"https:\/\/www.escolademusicadepalma.cat\/es\/wp-json\/wp\/v2\/pages\/15326","targetHints":{"allow":["GET"]}}],"collection":[{"href":"https:\/\/www.escolademusicadepalma.cat\/es\/wp-json\/wp\/v2\/pages"}],"about":[{"href":"https:\/\/www.escolademusicadepalma.cat\/es\/wp-json\/wp\/v2\/types\/page"}],"author":[{"embeddable":true,"href":"https:\/\/www.escolademusicadepalma.cat\/es\/wp-json\/wp\/v2\/users\/1"}],"replies":[{"embeddable":true,"href":"https:\/\/www.escolademusicadepalma.cat\/es\/wp-json\/wp\/v2\/comments?post=15326"}],"version-history":[{"count":2,"href":"https:\/\/www.escolademusicadepalma.cat\/es\/wp-json\/wp\/v2\/pages\/15326\/revisions"}],"predecessor-version":[{"id":15328,"href":"https:\/\/www.escolademusicadepalma.cat\/es\/wp-json\/wp\/v2\/pages\/15326\/revisions\/15328"}],"wp:attachment":[{"href":"https:\/\/www.escolademusicadepalma.cat\/es\/wp-json\/wp\/v2\/media?parent=15326"}],"curies":[{"name":"wp","href":"https:\/\/api.w.org\/{rel}","templated":true}]}}