{"id":15329,"date":"2018-07-17T07:55:57","date_gmt":"2018-07-17T05:55:57","guid":{"rendered":"https:\/\/www.escolademusicadepalma.cat\/oferta-educativa\/"},"modified":"2026-04-27T16:55:14","modified_gmt":"2026-04-27T14:55:14","slug":"oferta-educativa","status":"publish","type":"page","link":"https:\/\/www.escolademusicadepalma.cat\/es\/oferta-educativa\/","title":{"rendered":"Oferta educativa"},"content":{"rendered":"<div class=\"wpb-content-wrapper\"><p>[vc_row][vc_column][vc_tta_tabs style=&#8221;modern&#8221; shape=&#8221;round&#8221; color=&#8221;orange&#8221; gap=&#8221;10&#8243; active_section=&#8221;1&#8243; css=&#8221;.vc_custom_1616746507442{background-position: center !important;background-repeat: no-repeat !important;background-size: cover !important;}&#8221;][\/vc_tta_tabs][vc_tta_section i_icon_fontawesome=&#8221;fa fa-home&#8221; add_icon=&#8221;true&#8221; tab_id=&#8221;1616745777278-3e87cbf2-cbb0&#8243;][\/vc_tta_section][vc_tta_section tab_id=&#8221;1616665290088-77a664e2-8be3&#8243; title=&#8221;Seguimento del proceso de admisi\u00f3n&#8221;][vc_row_inner][vc_column_inner][vc_column_text css=&#8221;&#8221;]<\/p>\n<ul>\n<li dir=\"ltr\" aria-level=\"1\">\n<p dir=\"ltr\" role=\"presentation\"><strong><span style=\"color: #808080;\"><span style=\"text-decoration: underline;\">Solicitud matr\u00edcula<\/span> del 1 al 31 de mayo<\/span><\/strong><\/p>\n<\/li>\n<\/ul>\n<p>&nbsp;<\/p>\n<ul>\n<li dir=\"ltr\" aria-level=\"1\">\n<p dir=\"ltr\" role=\"presentation\"><strong><span style=\"color: #808080;\"><span style=\"text-decoration: underline;\">Reuni\u00f3n informativa <\/span>para reci\u00e9n llegados de: nadons, petim\u00fasics, rodam\u00fasics 6 y sifasol reci\u00e9n llegados el martes 5 de mayo a las 18:30h <\/span><\/strong><\/p>\n<\/li>\n<\/ul>\n<p>&nbsp;<\/p>\n<ul>\n<li dir=\"ltr\" aria-level=\"1\">\n<p dir=\"ltr\" role=\"presentation\"><strong><span style=\"color: #808080;\"><span style=\"text-decoration: underline;\">Audici\u00f3n informativa<\/span> rodam\u00fasics 6 (curso 2025\/2026), preinscritos tocam\u00fasics 7 y sifasol 1 reci\u00e9n llegados el martes 5 de mayo a las 17:30h <\/span><\/strong><\/p>\n<\/li>\n<\/ul>\n<p>&nbsp;<\/p>\n<ul>\n<li dir=\"ltr\" aria-level=\"1\">\n<p dir=\"ltr\" role=\"presentation\"><strong><span style=\"color: #808080;\"><span style=\"text-decoration: underline;\">Reuni\u00f3n informativa para alumnado 1218<\/span> reci\u00e9n llegado el jueves 21 de mayo a las 18:30h <\/span><\/strong><\/p>\n<\/li>\n<\/ul>\n<p>&nbsp;<\/p>\n<ul>\n<li dir=\"ltr\" aria-level=\"1\">\n<p dir=\"ltr\" role=\"presentation\"><strong><span style=\"color: #808080;\"><span style=\"text-decoration: underline;\">Publicaci\u00f3n<\/span> <a href=\"https:\/\/www.escolademusicadepalma.cat\/es\/oferta-educativa\/#1616688731625-f77c906d-29f2\"><span style=\"color: #0000ff;\">EN ESTE ENLACE<\/span><\/a> del <span style=\"text-decoration: underline;\">censo provisional<\/span> de aspirantes el lunes 1 de junio y apertura del plazo de reclamaciones hasta el d\u00eda 4 de junio.<\/span><\/strong><\/p>\n<\/li>\n<\/ul>\n<p>&nbsp;<\/p>\n<ul>\n<li dir=\"ltr\" aria-level=\"1\">\n<p dir=\"ltr\" role=\"presentation\"><strong><span style=\"color: #808080;\"><span style=\"text-decoration: underline;\">Publicaci\u00f3n<\/span> <a href=\"https:\/\/www.escolademusicadepalma.cat\/es\/oferta-educativa\/#1616688731625-f77c906d-29f2\"><span style=\"color: #0000ff;\">EN ESTE ENLACE<\/span><\/a> <a style=\"color: #808080;\" href=\"https:\/\/sites.google.com\/d\/1CoSpb-InezvEPwAoPMVZEmnKDNwLHMB5\/p\/1grwehsuY0CKSxMpt5dOLnClgd2puT8UJ\/edit\">del<\/a> <span style=\"text-decoration: underline;\">censo definitivo<\/span> el jueves 4 de junio<\/span><\/strong><\/p>\n<\/li>\n<\/ul>\n<p>&nbsp;<\/p>\n<ul>\n<li dir=\"ltr\" aria-level=\"1\">\n<p dir=\"ltr\" role=\"presentation\"><strong><span style=\"color: #808080;\"><span style=\"text-decoration: underline;\">Sorteo p\u00fablico para la adjudicaci\u00f3n de plazas y horarios<\/span> del curso 2026\/27 el viernes 5 de junio a las 17:30h <\/span><\/strong><\/p>\n<\/li>\n<\/ul>\n<p>&nbsp;<\/p>\n<ul>\n<li dir=\"ltr\" aria-level=\"1\">\n<p dir=\"ltr\" role=\"presentation\"><strong><span style=\"color: #808080;\"><span style=\"text-decoration: underline;\">Publicaci\u00f3n<\/span> <a href=\"https:\/\/www.escolademusicadepalma.cat\/es\/oferta-educativa\/#1616688731625-f77c906d-29f2\"><span style=\"color: #0000ff;\">EN ESTE ENLACE<\/span><\/a> de los <span style=\"text-decoration: underline;\">horarios y plazas<\/span> para el curso 2026\/27 el d\u00eda 1 de julio <\/span><\/strong><\/p>\n<\/li>\n<\/ul>\n<p>&nbsp;<\/p>\n<ul>\n<li dir=\"ltr\" aria-level=\"1\">\n<p dir=\"ltr\" role=\"presentation\"><strong><span style=\"color: #808080;\"><span style=\"text-decoration: underline;\">Formalizaci\u00f3n de la matr\u00edcula<\/span> de las personas admitidas del d\u00eda 1 al 8 de julio ambos incluidos<\/span><\/strong><\/p>\n<\/li>\n<\/ul>\n<p>[\/vc_column_text][\/vc_column_inner][\/vc_row_inner][\/vc_tta_section][vc_tta_section title=&#8221;Documentos&#8221; tab_id=&#8221;1616665290186-f4cc94f4-2e5b&#8221;][vc_row_inner][vc_column_inner width=&#8221;1\/2&#8243;][vc_column_text css=&#8221;&#8221;]<\/p>\n<h2 style=\"text-align: center;\"><strong><span style=\"color: #339966;\">Proceso de admisi\u00f3n<\/span><\/strong><\/h2>\n<p>[\/vc_column_text][vc_column_text css=&#8221;.vc_custom_1777301087001{background-position: center !important;background-repeat: no-repeat !important;background-size: contain !important;}&#8221;]<iframe style=\"width: 800px; height: 800px;\" data-src=\"https:\/\/www.escolademusicadepalma.cat\/wp-content\/uploads\/2026\/04\/proceso-admision-2627-.pdf\" frameborder=\"0\" src=\"data:image\/svg+xml;base64,PHN2ZyB3aWR0aD0iMSIgaGVpZ2h0PSIxIiB4bWxucz0iaHR0cDovL3d3dy53My5vcmcvMjAwMC9zdmciPjwvc3ZnPg==\" class=\"lazyload\" data-load-mode=\"1\"><\/iframe>[\/vc_column_text][\/vc_column_inner][vc_column_inner width=&#8221;1\/2&#8243;][vc_column_text]<\/p>\n<h2 style=\"text-align: center;\"><strong><span style=\"color: #339966;\">Ordenanza de precios p\u00fablicos<\/span><\/strong><\/h2>\n<p>[\/vc_column_text][vc_column_text]<iframe style=\"width: 800px; height: 800px;\" data-src=\"https:\/\/www.escolademusicadepalma.cat\/wp-content\/uploads\/2021\/03\/2019-2%C2%AA-ORDENANC%CC%A7A-EMMP.pdf\" frameborder=\"0\" src=\"data:image\/svg+xml;base64,PHN2ZyB3aWR0aD0iMSIgaGVpZ2h0PSIxIiB4bWxucz0iaHR0cDovL3d3dy53My5vcmcvMjAwMC9zdmciPjwvc3ZnPg==\" data-load-mode=\"1\"><span data-mce-type=\"bookmark\" style=\"display: inline-block; width: 0px; overflow: hidden; line-height: 0;\" class=\"mce_SELRES_start lazyload\"><\/span><\/iframe>[\/vc_column_text][\/vc_column_inner][\/vc_row_inner][vc_row_inner][vc_column_inner][vc_column_text]<\/p>\n<h2 style=\"text-align: center;\"><span style=\"text-decoration: underline;\"><a href=\"https:\/\/escolademusicadepalma.gwido.cat\/inscripcio_ciutadana\/public\/periodes_oberts\"><strong><span style=\"color: #339966; text-decoration: underline;\">Formulario de inscripci\u00f3n<\/span><\/strong><\/a><\/span><\/h2>\n<p style=\"text-align: center;\"><strong>Estar\u00e1 disponible entre los d\u00edas 1 y 31 de mayo, ambos incluidos<\/strong><\/p>\n<p>[\/vc_column_text][vc_column_text]<\/p>\n<p>[\/vc_column_text][\/vc_column_inner][\/vc_row_inner][\/vc_tta_section][vc_tta_section title=&#8221;Listados curso 2026\/27&#8243; tab_id=&#8221;1616688731625-f77c906d-29f2&#8243;][vc_row_inner][vc_column_inner]<div class=\"ult_exp_section_layer ult-adjust-bottom-margin  \" >\n\t\t<div id=\"uvc-exp-wrap-9396\" role=\"button\" tabindex=\"0\" aria-pressed=\"false\"  data-ultimate-target='#uvc-exp-wrap-9396'  data-responsive-json-new='{\"font-size\":\"desktop:20px;\",\"line-height\":\"desktop:20px;\"}'  class=\"ult_exp_section  ult-responsive \" style=\"color:#1e73be;background-color:#ffffff;font-weight:bold;  text-align:center;\" data-textcolor=\"#1e73be\"data-texthover=\"#ffffff\"data-icncolor=\"#333333\"data-ihover=\"#333333\"data-height=\"0\"data-cntbg=\"#ffffff\"data-cnthvrbg=\"#1e73be\"data-headerbg=\"#ffffff\"data-headerhover=\"#1e73be\"data-title=\"SORTEO DEL N\u00daMERO DEL CENSO\"data-newtitle=\"SORTEO DEL N\u00daMERO DEL CENSO\"data-icon=\"\"data-newicon=\"\"data-activeicon=\"#333333\"data-effect=\"slideToggle\"data-override=\"0\"data-activetitle=\"#ffffff\"data-activebg=\"#8224e3\"data-img=\"\"data-newimg=\"\"><div  class=\"ult_exp_section-main \">\n\t\t\t\t\t<div class=\"ult_expheader\" >SORTEO DEL N\u00daMERO DEL CENSO\n\t\t\t\t\t <\/div><\/div>\n\t\t\t\t<\/div><div class=\"ult_exp_content \" style=\"background-color:#ffffff;  \"><div class=\"ult_ecpsub_cont\" style=\" \" >[vc_column_text css=&#8221;&#8221;]El resultado del sorteo <span style=\"font-weight: 400;\">del n\u00famero que determinar\u00e1 la persona a partir de la qual se har\u00e1 la adjudicaci\u00f3n de plazas y horarios en todas las franjas de edad es:\u00a0\u00a0<\/span><\/p>\n<h2 style=\"text-align: center;\"><\/h2>\n<p>&nbsp;<\/p>\n<p style=\"padding-left: 40px;\">En el enlace ten\u00e9is el v\u00eddeo del sorteo<\/p>\n<p>XXXXXXXXXXXXXXXXXX[\/vc_column_text]<\/div><\/div>\n\n\t\t\t<\/div><div class=\"ult_exp_section_layer ult-adjust-bottom-margin  \" >\n\t\t<div id=\"uvc-exp-wrap-5179\" role=\"button\" tabindex=\"0\" aria-pressed=\"false\"  data-ultimate-target='#uvc-exp-wrap-5179'  data-responsive-json-new='{\"font-size\":\"desktop:20px;\",\"line-height\":\"desktop:20px;\"}'  class=\"ult_exp_section  ult-responsive \" style=\"color:#1e73be;background-color:#ffffff;font-weight:bold;  text-align:center;\" data-textcolor=\"#1e73be\"data-texthover=\"#ffffff\"data-icncolor=\"#333333\"data-ihover=\"#333333\"data-height=\"0\"data-cntbg=\"#ffffff\"data-cnthvrbg=\"#1e73be\"data-headerbg=\"#ffffff\"data-headerhover=\"#1e73be\"data-title=\"CENSO PROVISIONAL\"data-newtitle=\"CENSO PROVISIONAL\"data-icon=\"\"data-newicon=\"\"data-activeicon=\"#333333\"data-effect=\"slideToggle\"data-override=\"0\"data-activetitle=\"#ffffff\"data-activebg=\"#8224e3\"data-img=\"\"data-newimg=\"\"><div  class=\"ult_exp_section-main \">\n\t\t\t\t\t<div class=\"ult_expheader\" >CENSO PROVISIONAL\n\t\t\t\t\t <\/div><\/div>\n\t\t\t\t<\/div><\/div>\n\n\t\t\t<\/div>[vc_column_text css=&#8221;&#8221;]<\/p>\n<p style=\"text-align: left;\">El censo provisional es un documento con los nombres y apellidos de las personas que ya son alumnas del centro y de las personas que solicitan acceder al mismo. Es importante que las personas que quieran acceder a la escuela de m\u00fasica verifiquen que su nombre y apellidos est\u00e1n bien escritos. En caso de no estar correctos deben remitir un correo electr\u00f3nico a <a href=\"mailto:administrador@escolademusicadepalma.net\">administrador@escolademusicadepalma.net<\/a> mostrando c\u00f3mo se escribe de forma correcta para poder proceder a su correcci\u00f3n, que se ver\u00e1 reflejada en el censo definitivo.<\/p>\n<p><strong>Estar en este censo no implica, para las personas que solicitan acceder a la escuela de m\u00fasica, tener plaza adjudicada sino que forman parte del proceso que finalizar\u00e1 con la publicaci\u00f3n de los horarios y adjudicaci\u00f3n de plazas el d\u00eda 1 de julio.<\/strong><\/p>\n<p>&nbsp;<\/p>\n<p style=\"text-align: left;\">El <strong>censo definitivo<\/strong> es el documento a partir del cual, una vez corregidas las enmiendas hechas por las familias, se confeccionan los horarios y se adjudican los instrumentos y las nuevas plazas.<\/p>\n<p style=\"text-align: left;\"><strong>Estar en este censo no implica, para las personas que solicitan acceder a la escuela de m\u00fasica, tener plaza adjudicada sino que forman parte del proceso que finalizar\u00e1 con la publicaci\u00f3n de los horarios y adjudicaci\u00f3n de plazas <span style=\"text-decoration: underline;\">el d\u00eda 1 de julio<\/span>.<\/strong><\/p>\n<p>&nbsp;<\/p>\n<h3 style=\"text-align: center;\">HORARIOS 2026\/27<\/h3>\n<p>&nbsp;<\/p>\n<p>&nbsp;<\/p>\n<p>&nbsp;<\/p>\n<p>&nbsp;<\/p>\n<p>&nbsp;<\/p>\n<p>&nbsp;<\/p>\n<p>&nbsp;<\/p>\n<p>&nbsp;<\/p>\n<p>&nbsp;<\/p>\n<p>&nbsp;<\/p>\n<p>&nbsp;<\/p>\n<p>&nbsp;<\/p>\n<p>&nbsp;<\/p>\n<p>En este apartado est\u00e1n los horarios para el curso 2026\/27 (se incluyen tambi\u00e9n las personas reci\u00e9n llegadas admitidas) y la documentaci\u00f3n que hay que presentar por parte de las personas que acceden de nuevo a la escuela. Cualquier duda o consulta hay que remitirla por correo electr\u00f3nico a <a href=\"mailto:administrador@escolademusicadepalma.net\">administrador@escolademusicadepalma.net<\/a><\/p>\n<p>La <strong>documentaci\u00f3n que hay que presentar de forma telem\u00e1tica en el correo<\/strong> admiescolamusica@gmail.com por parte de las personas admitidas, es la que os ponemos a continuaci\u00f3n. Recordad que el plazo es hasta el d\u00eda 8 de julio (incluido):<\/p>\n<h3 style=\"text-align: center;\">LISTAS DE ESPERA CURSO 2026\/27<\/h3>\n<p style=\"text-align: center;\"><strong>Cualquier duda o consulta hay que remitirla por correo electr\u00f3nico a <a href=\"mailto:administrador@escolademusicadepalma.net\">administrador@escolademusicadepalma.net<\/a><\/strong><\/p>\n<p>&nbsp;<\/p>\n<p>&nbsp;<\/p>\n<p>&nbsp;<\/p>\n<p>&nbsp;<\/p>\n<p>&nbsp;<\/p>\n<p>&nbsp;<\/p>\n<p>&nbsp;<\/p>\n<p>&nbsp;<\/p>\n<p>&nbsp;<\/p>\n<p>&nbsp;<\/p>\n<p>&nbsp;<\/p>\n<p>&nbsp;<\/p>\n<p>&nbsp;<\/p>\n<h3>Oferta educativa<\/h3>\n<p>[\/vc_column_text][\/vc_column_inner][\/vc_row_inner][vc_tta_tour style=&#8221;modern&#8221; shape=&#8221;square&#8221; color=&#8221;turquoise&#8221; active_section=&#8221;1&#8243;][\/vc_tta_tour][vc_tta_section title=&#8221;0-3&#8243; tab_id=&#8221;1531986962030-8c9b1b03-ff332f29-6226&#8243;][\/vc_tta_section][\/vc_tta_section][vc_row_inner css=&#8221;.vc_custom_1536566877489{padding-top: 2% !important;padding-right: 2% !important;padding-bottom: 2% !important;padding-left: 2% !important;}&#8221;][vc_column_inner width=&#8221;1\/2&#8243;][vc_images_carousel images=&#8221;14929,14922,14921&#8243; img_size=&#8221;medium&#8221; autoplay=&#8221;yes&#8221; wrap=&#8221;yes&#8221;][vc_separator color=&#8221;custom&#8221; align=&#8221;align_left&#8221; border_width=&#8221;4&#8243; el_width=&#8221;10&#8243; accent_color=&#8221;#50e0c7&#8243;][vc_column_text]La m\u00fasica es muy importante en el desarrollo de los ni\u00f1os porque influye en su psicomotricidad, en los aspectos cognitivos e incluso en los intelectuales y emocionales. Cualquier hecho del tipo afectivo repercute en el pensamiento y la motricidad.<\/p>\n<p>Esta formaci\u00f3n se dirige a los ni\u00f1os m\u00e1s peque\u00f1os, de los dos meses hasta los tres a\u00f1os, junto con sus padres\/madres.<\/p>\n<p>Se organiza en tres grupos de edad, adaptando la propuesta pedag\u00f3gica a las caracter\u00edsticas evolutivas de cada una de estas edades. Aun con esta secuencia l\u00f3gica, no supone ninguna obligaci\u00f3n hacer los tres cursos, pudiendo entrar en cualquier momento del itinerario:<\/p>\n<ul>\n<li>No ni no (de los 2 meses a los 11 meses)<\/li>\n<li>Plou i fa sol (de los 12 a los 22 meses)<\/li>\n<li>Toca manetes (de los 2 a los 3 a\u00f1os)<\/li>\n<\/ul>\n<p>Se impartir\u00e1n en una sesi\u00f3n semanal de cuarenta y cinco minutos junto con la madre y\/o el padre y son impartidas por una maestra especialista en educaci\u00f3n infantil y formaci\u00f3n <a href=\"https:\/\/igeme.es\/ca\/inici\/\">IGEME<\/a>.[\/vc_column_text][vc_column_text]<\/p>\n<table class=\"cursos\" width=\"541\">\n<tbody>\n<tr>\n<td class=\"title\" colspan=\"4\">\n<h2>M\u00daSICA PARA BEB\u00c9S<\/h2>\n<\/td>\n<\/tr>\n<tr>\n<td style=\"width: 135px;\" rowspan=\"2\">\n<h3>MATERIAS<\/h3>\n<\/td>\n<td colspan=\"3\">\n<h3 style=\"text-align: center;\">CURSOS<\/h3>\n<\/td>\n<\/tr>\n<tr>\n<td style=\"width: 135px;\">\n<h4>2 &#8211; 11 m<\/h4>\n<\/td>\n<td style=\"width: 135px;\">\n<h4>12 &#8211; 23 m<\/h4>\n<\/td>\n<td style=\"width: 135px;\">\n<h4>2 &#8211; 3 a\u00f1os<\/h4>\n<\/td>\n<\/tr>\n<tr>\n<td style=\"width: 135px;\">No ni no<\/td>\n<td style=\"width: 135px; text-align: center;\">45\u00b4<\/td>\n<td style=\"width: 135px;\"><\/td>\n<td style=\"width: 135px;\"><\/td>\n<\/tr>\n<tr>\n<td style=\"width: 135px;\">Plou i fa sol<\/td>\n<td style=\"width: 135px;\"><\/td>\n<td style=\"width: 135px; text-align: center;\">45\u00b4<\/td>\n<td style=\"width: 135px;\"><\/td>\n<\/tr>\n<tr>\n<td style=\"width: 135px;\">Toca manetes<\/td>\n<td style=\"width: 135px;\"><\/td>\n<td style=\"width: 135px;\"><\/td>\n<td style=\"width: 135px; text-align: center;\">45\u00b4<\/td>\n<\/tr>\n<\/tbody>\n<\/table>\n<p><!-- DivTable.com -->[\/vc_column_text][vc_column_text el_class=&#8221;hidden-lg hidden-md visible-sm visible-xs&#8221;]<span style=\"font-size: 12px; line-height: 90%; color: #ff4d33; font-weight: 600;\"><em>* Poner el m\u00f3vil en posici\u00f3n horitzontal para ver la tabla completa.<\/em><\/span>[\/vc_column_text][vc_btn title=&#8221;INSCRIPCI\u00d3N&#8221; color=&#8221;orange&#8221; link=&#8221;url:https%3A%2F%2Fwww.escolademusicadepalma.cat%2Fes%2Foferta-educativa%2F%231616665290186-f4cc94f4-2e5b|target:%20_blank|&#8221;][\/vc_column_inner][vc_column_inner width=&#8221;1\/2&#8243;][vc_separator color=&#8221;white&#8221;][vc_separator color=&#8221;white&#8221;][vc_separator color=&#8221;white&#8221;][vc_separator color=&#8221;white&#8221;][vc_separator color=&#8221;white&#8221;][vc_separator color=&#8221;white&#8221;][vc_separator color=&#8221;white&#8221;][vc_separator color=&#8221;white&#8221;][vc_separator color=&#8221;white&#8221;][vc_separator color=&#8221;white&#8221;][vc_separator color=&#8221;white&#8221;][vc_separator color=&#8221;white&#8221;][vc_separator color=&#8221;white&#8221;][vc_video link=&#8221;https:\/\/youtu.be\/aKEC7XCtJlQ&#8221;][\/vc_column_inner][\/vc_row_inner][vc_tta_section title=&#8221;3-5&#8243; tab_id=&#8221;1531986962063-ad90a60f-08d22f29-6226&#8243;][vc_row_inner css=&#8221;.vc_custom_1536566943145{padding-top: 2% !important;padding-right: 2% !important;padding-bottom: 2% !important;padding-left: 2% !important;}&#8221;][vc_column_inner width=&#8221;1\/2&#8243;][vc_images_carousel images=&#8221;14919,14938&#8243; img_size=&#8221;medium&#8221; autoplay=&#8221;yes&#8221; wrap=&#8221;yes&#8221;][vc_column_text css=&#8221;.vc_custom_1531994468066{margin-bottom: 0px !important;padding-bottom: 10px !important;}&#8221;]<\/p>\n<h2>Sensibilizaci\u00f3n 3-5 a\u00f1os<\/h2>\n<p>[\/vc_column_text][vc_separator color=&#8221;custom&#8221; align=&#8221;align_left&#8221; border_width=&#8221;4&#8243; el_width=&#8221;10&#8243; accent_color=&#8221;#50e0c7&#8243;][vc_column_text]Los destinatarios de esta propuesta formativa son los ni\u00f1os de 3 a 5 a\u00f1os. Se organiza en tres grupos de edad, adaptando la propuesta pedag\u00f3gica a las caracter\u00edsticas evolutivas de cada una de estas edades. Del mismo modo que pasa con la <em>M\u00fasica para beb\u00e9s<\/em>, la entrada en estos cursos podr\u00e1 ser en cualquier momento del itinerario. No obstante, s\u00ed es recomendable que los dos \u00faltimos cursos se puedan hacer de manera continua.<\/p>\n<p>Las sesiones tienen cuarenta y cinco minutos de duraci\u00f3n y son impartidas por una maestra especialista en educaci\u00f3n infantil y formaci\u00f3n IGEME.<\/p>\n<ul>\n<li><strong>Los petim\u00fasics 3 (tres a\u00f1os).<\/strong> Desde aproximadamente los tres a\u00f1os, el ni\u00f1o est\u00e1 principalmente ocupado con los materiales que percibe. Reconoce y explora contrastes claros en los niveles de intensidad, altura, timbre duraci\u00f3n o textura y siente placer por el sonido en s\u00ed mismo.<\/li>\n<li><strong>Los petim\u00fasics 4 (cuatro a\u00f1os)<\/strong>. A partir de esta edad hablamos de la experimentaci\u00f3n continua que hacen los ni\u00f1os\/ni\u00f1as y de esto se trata: que escuchen sonidos, m\u00fasicas, instrumentos; que prueben la peque\u00f1a percusi\u00f3n, que comprueben sonoridades; que toquen en el doble sentido: el f\u00edsico, de descubrir tama\u00f1os, materiales y formas de los instrumentos; y en el sonoro, de experimentar c\u00f3mo surge el sonido de cada uno de ellos. Las canciones y las danzas son el hilo conductor de todo el aprendizaje.<\/li>\n<li><strong>Los petim\u00fasics 5 (cinco a\u00f1os)<\/strong>. El reconocimiento de varios sonidos e instrumentos ya nos permite, a trav\u00e9s de canciones y danzas, empezar a introducir signos musicales b\u00e1sicos, siempre desde una vertiente l\u00fadica y sin ning\u00fan tipo de terminolog\u00eda acad\u00e9mica: disfrutaremos de y con la m\u00fasica.<\/li>\n<\/ul>\n<p>[\/vc_column_text][vc_column_text]<\/p>\n<table class=\"cursos\" width=\"541\">\n<tbody>\n<tr>\n<td class=\"title\" colspan=\"4\">\n<h2>SENSIBILIZACI\u00d3N MUSICAL<\/h2>\n<\/td>\n<\/tr>\n<tr>\n<td style=\"width: 135px;\" rowspan=\"2\">\n<h3>MATERIAS<\/h3>\n<\/td>\n<td colspan=\"3\">\n<h3 style=\"text-align: center;\">CURSOS<\/h3>\n<\/td>\n<\/tr>\n<tr>\n<td style=\"width: 135px;\">\n<h4>3 a\u00f1os<\/h4>\n<\/td>\n<td style=\"width: 135px;\">\n<h4>4 a\u00f1os<\/h4>\n<\/td>\n<td style=\"width: 135px;\">\n<h4>5 a\u00f1os<\/h4>\n<\/td>\n<\/tr>\n<tr>\n<td style=\"width: 135px;\">Iniciaci\u00f3n a la m\u00fasica<\/td>\n<td style=\"width: 135px; text-align: center;\">45\u00b4<\/td>\n<td style=\"width: 135px; text-align: center;\">45\u00b4<\/td>\n<td style=\"width: 135px; text-align: center;\">45\u00b4<\/td>\n<\/tr>\n<tr>\n<td style=\"width: 135px;\">Total<\/td>\n<td style=\"width: 135px; text-align: center;\">45\u00b4<\/td>\n<td style=\"width: 135px; text-align: center;\">45\u00b4<\/td>\n<td style=\"width: 135px; text-align: center;\">45\u00b4<\/td>\n<\/tr>\n<\/tbody>\n<\/table>\n<p><!-- DivTable.com -->[\/vc_column_text][vc_column_text el_class=&#8221;hidden-lg hidden-md visible-sm visible-xs&#8221;]<span style=\"font-size: 12px; line-height: 90%; color: #ff4d33; font-weight: 600;\"><em>* Poner el m\u00f3vil en posici\u00f3n horitzontal para ver la tabla completa.<\/em><\/span>[\/vc_column_text][vc_btn title=&#8221;INSCRIPCI\u00d3N&#8221; color=&#8221;orange&#8221; link=&#8221;url:https%3A%2F%2Fwww.escolademusicadepalma.cat%2Fes%2Foferta-educativa%2F%231616665290186-f4cc94f4-2e5b|target:%20_blank|&#8221;][\/vc_column_inner][vc_column_inner width=&#8221;1\/2&#8243;][vc_separator color=&#8221;white&#8221;][vc_separator color=&#8221;white&#8221;][vc_separator color=&#8221;white&#8221;][vc_separator color=&#8221;white&#8221;][vc_separator color=&#8221;white&#8221;][vc_separator color=&#8221;white&#8221;][vc_separator color=&#8221;white&#8221;][vc_separator color=&#8221;white&#8221;][vc_separator color=&#8221;white&#8221;][vc_separator color=&#8221;white&#8221;][vc_separator color=&#8221;white&#8221;][vc_separator color=&#8221;white&#8221;][vc_video link=&#8221;https:\/\/youtu.be\/jzfKeR0Fh90&#8243;][\/vc_column_inner][\/vc_row_inner][\/vc_tta_section][vc_tta_section title=&#8221;6&#8243; tab_id=&#8221;1616609075548-4b6e08bb-aca5&#8243;][vc_row_inner css=&#8221;.vc_custom_1536566951147{padding-top: 2% !important;padding-right: 2% !important;padding-bottom: 2% !important;padding-left: 2% !important;}&#8221;][vc_column_inner width=&#8221;1\/2&#8243;][vc_images_carousel images=&#8221;14920,15013,15014,15015,15016,15017&#8243; img_size=&#8221;medium&#8221; autoplay=&#8221;yes&#8221; wrap=&#8221;yes&#8221;][vc_column_text css=&#8221;.vc_custom_1616609155050{margin-bottom: 0px !important;padding-bottom: 10px !important;}&#8221;]<\/p>\n<h2>Rodam\u00fasics 6<\/h2>\n<p>[\/vc_column_text][vc_separator color=&#8221;custom&#8221; align=&#8221;align_left&#8221; border_width=&#8221;4&#8243; el_width=&#8221;10&#8243; accent_color=&#8221;#50e0c7&#8243;][vc_column_text]Los destinatarios de esta propuesta formativa son los ni\u00f1os de 6 a\u00f1os con una propuesta muy definida:<\/p>\n<ul>\n<li><strong>Los rodam\u00fasics 6 (seis a\u00f1os)<\/strong>. Introducimos la rueda de instrumentos, el objetivo de la cual es que el alumno conozca todos los instrumentos del centro para poder elegir, el pr\u00f3ximo curso, el que le guste m\u00e1s. Las rotaciones se har\u00e1n de manera que el n\u00famero de sesiones con cada profesor especialista sea el mismo.<br \/>\nAl mismo tiempo supone un espacio para experimentar con los sonidos, los timbres y las formas musicales, y una manera m\u00e1s de concretar y ampliar el trabajo que se lleva a cabo en el \u00e1rea de expresi\u00f3n musical en la cual tendr\u00e1n un primer contacto con la lectoescritura de la m\u00fasica.<\/li>\n<\/ul>\n<p>Los instrumentos que ver\u00e1n los Rodam\u00fasics 6 son:<\/p>\n<ul>\n<li>Piano<\/li>\n<li>Viento madera:\n<ul>\n<li>Flauta<\/li>\n<li>Clarinete<\/li>\n<li>Saxof\u00f3n<\/li>\n<\/ul>\n<\/li>\n<li>Viento metal:\n<ul>\n<li>Trompeta<\/li>\n<li>Tromb\u00f3n<\/li>\n<\/ul>\n<\/li>\n<li>Cuerda:\n<ul>\n<li>Viol\u00edn<\/li>\n<li>Violonchelo<\/li>\n<li>Guitarra<\/li>\n<\/ul>\n<\/li>\n<li>Percusi\u00f3n<\/li>\n<\/ul>\n<p>[\/vc_column_text][vc_column_text]<\/p>\n<table class=\"cursos\">\n<tbody>\n<tr>\n<td class=\"title\" style=\"width: 483px;\" colspan=\"2\">\n<h2>RODAM\u00daSICS 6<\/h2>\n<\/td>\n<\/tr>\n<tr>\n<td style=\"width: 135px;\">\n<h3>MATERIAS<\/h3>\n<\/td>\n<td style=\"width: 348px;\">\n<h3>CARGA LECTIVA<\/h3>\n<\/td>\n<\/tr>\n<tr>\n<td style=\"width: 135px;\">Rueda de instrumentos<\/td>\n<td style=\"width: 348px; text-align: center;\">30\u00b4<\/td>\n<\/tr>\n<tr>\n<td style=\"width: 135px;\">Expresi\u00f3n Musical<\/td>\n<td style=\"width: 348px; text-align: center;\">30&#8242;<\/td>\n<\/tr>\n<tr>\n<td style=\"width: 135px;\">Coro<\/td>\n<td style=\"width: 348px; text-align: center;\">30\u00b4<\/td>\n<\/tr>\n<tr>\n<td style=\"width: 135px;\"><strong>Total<\/strong><\/td>\n<td style=\"width: 348px; text-align: center;\"><strong> 1h 30\u00b4<\/strong><\/td>\n<\/tr>\n<\/tbody>\n<\/table>\n<p><!-- DivTable.com -->[\/vc_column_text][vc_column_text el_class=&#8221;hidden-lg hidden-md visible-sm visible-xs&#8221;]<span style=\"font-size: 12px; line-height: 90%; color: #ff4d33; font-weight: 600;\"><em>* Poner el m\u00f3vil en posici\u00f3n horitzontal para ver la tabla completa.<\/em><\/span>[\/vc_column_text][vc_btn title=&#8221;INSCRIPCI\u00d3N&#8221; color=&#8221;orange&#8221; link=&#8221;url:https%3A%2F%2Fwww.escolademusicadepalma.cat%2Fes%2Foferta-educativa%2F%231616665290186-f4cc94f4-2e5b|target:%20_blank|&#8221;][\/vc_column_inner][vc_column_inner width=&#8221;1\/2&#8243;][vc_separator color=&#8221;white&#8221;][vc_separator color=&#8221;white&#8221;][vc_separator color=&#8221;white&#8221;][vc_separator color=&#8221;white&#8221;][vc_separator color=&#8221;white&#8221;][vc_separator color=&#8221;white&#8221;][vc_separator color=&#8221;white&#8221;][vc_separator color=&#8221;white&#8221;][vc_separator color=&#8221;white&#8221;][vc_separator color=&#8221;white&#8221;][vc_separator color=&#8221;white&#8221;][vc_separator color=&#8221;white&#8221;][vc_video link=&#8221;https:\/\/youtu.be\/s4Olbbn0Z70&#8243;][\/vc_column_inner][\/vc_row_inner][\/vc_tta_section][vc_tta_section title=&#8221;7&#8243; tab_id=&#8221;1616608710290-9d9c7bb1-0eb7&#8243;][vc_row_inner css=&#8221;.vc_custom_1536566951147{padding-top: 2% !important;padding-right: 2% !important;padding-bottom: 2% !important;padding-left: 2% !important;}&#8221;][vc_column_inner width=&#8221;1\/2&#8243;][vc_images_carousel images=&#8221;14920,15007,15008,15009,15010,15011,15012&#8243; img_size=&#8221;medium&#8221; autoplay=&#8221;yes&#8221; wrap=&#8221;yes&#8221;][vc_column_text css=&#8221;.vc_custom_1616608755631{margin-bottom: 0px !important;padding-bottom: 10px !important;}&#8221;]<\/p>\n<h2>Tocam\u00fasics 7<\/h2>\n<p>[\/vc_column_text][vc_separator color=&#8221;custom&#8221; align=&#8221;align_left&#8221; border_width=&#8221;4&#8243; el_width=&#8221;10&#8243; accent_color=&#8221;#50e0c7&#8243;][vc_column_text]Los destinatarios de esta propuesta formativa son los ni\u00f1os de 7 a\u00f1os con una propuesta muy definida:<\/p>\n<ul>\n<li><strong>Los tocam\u00fasics 7 (siete a\u00f1os)<\/strong>. Los alumnos ya eligen un instrumento, que se llevar\u00e1n a casa y con el que empezar\u00e1n a trabajar en grupo. No tendr\u00e1n sesi\u00f3n separada de expresi\u00f3n musical puesto que estar\u00e1 incorporada en la clase de instrumento.<br \/>\nSer\u00e1 una primera aproximaci\u00f3n a la m\u00fasica desde la creatividad. Les ense\u00f1aremos a hablar antes que a escribir, a improvisar antes que a leer, a experimentar antes que a obedecer la rigidez de una partitura. A partir de todo este bagaje utilizaremos el aprendizaje significativo para ir consolidando y poniendo nombres, en el futuro, a todo lo que vayan logrando.<\/li>\n<\/ul>\n<p>Los instrumentos que ver\u00e1n los Rodam\u00fasics 6 y que podr\u00e1n escoger los Tocam\u00fasics 7 son:<\/p>\n<ul>\n<li>Piano<\/li>\n<li>Viento madera:\n<ul>\n<li>Flauta<\/li>\n<li>Clarinete<\/li>\n<li>Saxof\u00f3n<\/li>\n<\/ul>\n<\/li>\n<li>Viento metal:\n<ul>\n<li>Trompeta<\/li>\n<li>Tromb\u00f3n<\/li>\n<\/ul>\n<\/li>\n<li>Cuerda:\n<ul>\n<li>Viol\u00edn<\/li>\n<li>Violonchelo<\/li>\n<li>Guitarra<\/li>\n<\/ul>\n<\/li>\n<li>Percusi\u00f3n<\/li>\n<\/ul>\n<p>[\/vc_column_text][vc_column_text]<\/p>\n<table class=\"cursos\">\n<tbody>\n<tr>\n<td class=\"title\" style=\"width: 483px;\" colspan=\"2\">\n<h2>TOCAM\u00daSICS 7<\/h2>\n<\/td>\n<\/tr>\n<tr>\n<td style=\"width: 135px;\">\n<h3>MATERIAS<\/h3>\n<\/td>\n<td style=\"width: 348px;\">\n<h3>CARGA LECTIVA<\/h3>\n<\/td>\n<\/tr>\n<tr>\n<td style=\"width: 135px;\">Instrumento (PDG)<\/td>\n<td style=\"width: 348px; text-align: center;\">60\u00b4<\/td>\n<\/tr>\n<tr>\n<td style=\"width: 135px;\">Coro<\/td>\n<td style=\"width: 348px; text-align: center;\">30\u00b4<\/td>\n<\/tr>\n<tr>\n<td style=\"width: 135px;\"><strong>Total<\/strong><\/td>\n<td style=\"width: 348px; text-align: center;\"><strong> 1h 30\u00b4<\/strong><\/td>\n<\/tr>\n<\/tbody>\n<\/table>\n<p><!-- DivTable.com -->[\/vc_column_text][vc_column_text el_class=&#8221;hidden-lg hidden-md visible-sm visible-xs&#8221;]<span style=\"font-size: 12px; line-height: 90%; color: #ff4d33; font-weight: 600;\"><em>* Poner el m\u00f3vil en posici\u00f3n horitzontal para ver la tabla completa.<\/em><\/span>[\/vc_column_text][vc_btn title=&#8221;INSCRIPCI\u00d3N&#8221; color=&#8221;orange&#8221; link=&#8221;url:https%3A%2F%2Fwww.escolademusicadepalma.cat%2Fes%2Foferta-educativa%2F%231616665290186-f4cc94f4-2e5b|target:%20_blank|&#8221;][\/vc_column_inner][vc_column_inner width=&#8221;1\/2&#8243;][vc_separator color=&#8221;white&#8221;][vc_separator color=&#8221;white&#8221;][vc_separator color=&#8221;white&#8221;][vc_separator color=&#8221;white&#8221;][vc_separator color=&#8221;white&#8221;][vc_separator color=&#8221;white&#8221;][vc_separator color=&#8221;white&#8221;][vc_separator color=&#8221;white&#8221;][vc_separator color=&#8221;white&#8221;][vc_separator color=&#8221;white&#8221;][vc_separator color=&#8221;white&#8221;][vc_separator color=&#8221;white&#8221;][vc_video link=&#8221;https:\/\/youtu.be\/TkZzUkzsCM0&#8243;][\/vc_column_inner][\/vc_row_inner][\/vc_tta_section][vc_tta_section title=&#8221;8-11&#8243; tab_id=&#8221;1531986994227-a90375e4-66dd2f29-6226&#8243;][vc_row_inner css=&#8221;.vc_custom_1536566959179{padding-top: 2% !important;padding-right: 2% !important;padding-bottom: 2% !important;padding-left: 2% !important;}&#8221;][vc_column_inner width=&#8221;1\/2&#8243;][vc_images_carousel images=&#8221;14982,14983,14984,14985,14986,14990,14991,14992,14993,14994,14995,14996,15018,15020,15021&#8243; img_size=&#8221;medium&#8221; autoplay=&#8221;yes&#8221; wrap=&#8221;yes&#8221;][vc_column_text css=&#8221;.vc_custom_1533197943824{margin-bottom: 0px !important;padding-bottom: 10px !important;}&#8221;]<\/p>\n<h2>Sifasol<\/h2>\n<p>[\/vc_column_text][vc_separator color=&#8221;custom&#8221; align=&#8221;align_left&#8221; border_width=&#8221;4&#8243; el_width=&#8221;10&#8243; accent_color=&#8221;#50e0c7&#8243;][vc_column_text]A partir de los ocho a\u00f1os y hasta los doce nuestra propuesta es la consolidaci\u00f3n del goce del alumnado por la m\u00fasica en general y por su instrumento en particular.<\/p>\n<p>Estos dos objetivos los llevaremos a cabo a partir de reforzar la pr\u00e1ctica en conjunto ante la individual, trabajar la motivaci\u00f3n del alumnado a partir de la escucha activa de sus intereses tanto en las clases como trav\u00e9s de la encuesta que hacemos a cada uno de ellos, y tambi\u00e9n otra que hacemos a la familia antes de empezar el curso.<\/p>\n<p>Estos intereses tambi\u00e9n quedan reflejados, junto con todas las caracter\u00edsticas que quiera aportar la familia respecto a su hijo, en las tutor\u00edas de principio de curso, lo cual hace que ya se puedan afrontar los aspectos conductual y emocional con conocimiento de causa y as\u00ed evitar situaciones de aprendizaje negativas a la vez que se afina m\u00e1s en la elaboraci\u00f3n del material a ense\u00f1ar.<\/p>\n<p>Planteamos, por eso, la ense\u00f1anza de la m\u00fasica desde el instrumento hacia el instrumento, entonces ser\u00e1 siempre imprescindible que el ni\u00f1o lo lleve al centro sea cual sea la actividad que vaya a hacer.<\/p>\n<p>Los instrumentos ofrecidos a trav\u00e9s de este tipo de ense\u00f1anza son:<\/p>\n<ul>\n<li>Piano<\/li>\n<li>Viento madera:\n<ul>\n<li>Flauta<\/li>\n<li>Clarinete<\/li>\n<li>Saxof\u00f3n<\/li>\n<\/ul>\n<\/li>\n<li>Viento metal:\n<ul>\n<li>Trompeta<\/li>\n<li>Tromb\u00f3n<\/li>\n<\/ul>\n<\/li>\n<li>Cuerda:\n<ul>\n<li>Viol\u00edn<\/li>\n<li>Violonchelo<\/li>\n<li>Guitarra<\/li>\n<\/ul>\n<\/li>\n<li>Percusi\u00f3n<\/li>\n<\/ul>\n<p>[\/vc_column_text][vc_column_text]<\/p>\n<table class=\"cursos\" style=\"width: 550px;\" width=\"550\">\n<tbody>\n<tr>\n<td class=\"title\" style=\"width: 592px;\" colspan=\"5\">\n<h2>EXPRESI\u00d3N MUSICAL<\/h2>\n<\/td>\n<\/tr>\n<tr>\n<td style=\"width: 230px;\" rowspan=\"2\">\n<h3>ASIGNATURAS<\/h3>\n<\/td>\n<td style=\"width: 362px;\" colspan=\"4\">\n<h3 style=\"text-align: center;\">SI FA SOL<\/h3>\n<\/td>\n<\/tr>\n<tr>\n<td style=\"width: 88px;\">\n<h4>1<\/h4>\n<\/td>\n<td style=\"width: 98px;\">\n<h4>2<\/h4>\n<\/td>\n<td style=\"width: 90px;\">\n<h4>3<\/h4>\n<\/td>\n<td style=\"width: 86px;\">\n<h4>4<\/h4>\n<\/td>\n<\/tr>\n<tr>\n<td style=\"width: 230px;\">Instrumento Pedagog\u00eda de Grupo<\/td>\n<td style=\"width: 88px; text-align: center;\">1h 15\u00b4<\/td>\n<td style=\"width: 98px; text-align: center;\">1h 15\u00b4<\/td>\n<td style=\"width: 90px; text-align: center;\">1h 15\u00b4<\/td>\n<td style=\"width: 86px; text-align: center;\">1h 15\u00b4<\/td>\n<\/tr>\n<tr>\n<td style=\"width: 230px;\">Expresi\u00f3n Musical (lenguaje musical)<\/td>\n<td style=\"width: 88px; text-align: center;\"><\/td>\n<td style=\"width: 98px; text-align: center;\">1h<\/td>\n<td style=\"width: 90px; text-align: center;\">1h<\/td>\n<td style=\"width: 86px; text-align: center;\">1h<\/td>\n<\/tr>\n<tr>\n<td style=\"width: 230px;\">Coro (opcional en sfs 1 y sfs 2)<\/td>\n<td style=\"width: 88px; text-align: center;\">30\u00b4<\/td>\n<td style=\"width: 98px; text-align: center;\">30\u00b4<\/td>\n<td style=\"width: 90px; text-align: center;\">30\u00b4<\/td>\n<td style=\"width: 86px; text-align: center;\">30\u00b4<\/td>\n<\/tr>\n<tr>\n<td style=\"width: 230px;\">Agrupaci\u00f3n instrumental<\/td>\n<td style=\"width: 88px; text-align: center;\">1h<\/td>\n<td style=\"width: 98px; text-align: center;\">1h<\/td>\n<td style=\"width: 90px; text-align: center;\">1h<\/td>\n<td style=\"width: 86px; text-align: center;\">1h<\/td>\n<\/tr>\n<tr>\n<td style=\"width: 230px;\"><strong>Total<\/strong><\/td>\n<td style=\"width: 88px; text-align: center;\"><strong>2h 45\u00b4<\/strong><\/td>\n<td style=\"width: 98px; text-align: center;\"><strong>3h 45\u00b4<\/strong><\/td>\n<td style=\"width: 90px; text-align: center;\"><strong>3h 45\u00b4<\/strong><\/td>\n<td style=\"width: 86px; text-align: center;\"><strong>3h 45\u00b4<\/strong><\/td>\n<\/tr>\n<\/tbody>\n<\/table>\n<p><!-- DivTable.com -->[\/vc_column_text][vc_column_text el_class=&#8221;hidden-lg hidden-md visible-sm visible-xs&#8221;]<span style=\"font-size: 12px; line-height: 90%; color: #ff4d33; font-weight: 600;\"><em>* Poner el m\u00f3vil en posici\u00f3n horitzontal para ver la tabla completa.<\/em><\/span>[\/vc_column_text][vc_btn title=&#8221;INSCRIPCI\u00d3N&#8221; color=&#8221;orange&#8221; link=&#8221;url:https%3A%2F%2Fwww.escolademusicadepalma.cat%2Fes%2Foferta-educativa%2F%231616665290186-f4cc94f4-2e5b|target:%20_blank|&#8221;][\/vc_column_inner][vc_column_inner width=&#8221;1\/2&#8243;][vc_separator color=&#8221;white&#8221;][vc_separator color=&#8221;white&#8221;][vc_separator color=&#8221;white&#8221;][vc_separator color=&#8221;white&#8221;][vc_separator color=&#8221;white&#8221;][vc_separator color=&#8221;white&#8221;][vc_separator color=&#8221;white&#8221;][vc_separator color=&#8221;white&#8221;][vc_video link=&#8221;https:\/\/youtu.be\/A5WfE0Bto-I&#8221;][\/vc_column_inner][\/vc_row_inner][\/vc_tta_section][vc_tta_section title=&#8221;12-18&#8243; tab_id=&#8221;1531987004391-1982eeb4-02422f29-6226&#8243;][vc_row_inner css=&#8221;.vc_custom_1536566968204{padding-top: 2% !important;padding-right: 2% !important;padding-bottom: 2% !important;padding-left: 2% !important;}&#8221;][vc_column_inner width=&#8221;1\/2&#8243;][vc_images_carousel images=&#8221;14985,14986,14984,14983,14982,15000,15001,15002,15003,15004,15005,15019&#8243; img_size=&#8221;medium&#8221; autoplay=&#8221;yes&#8221; wrap=&#8221;yes&#8221;][vc_column_text css=&#8221;.vc_custom_1533198874477{margin-bottom: 0px !important;padding-bottom: 10px !important;}&#8221;]<\/p>\n<h2>12-18<\/h2>\n<p>[\/vc_column_text][vc_separator color=&#8221;custom&#8221; align=&#8221;align_left&#8221; border_width=&#8221;4&#8243; el_width=&#8221;10&#8243; accent_color=&#8221;#50e0c7&#8243;][vc_column_text]Tenemos un doble itinerario:<\/p>\n<h6>\u2022 Alumnado sin conocimientos de m\u00fasica<\/h6>\n<p>Para este alumnado, el primer a\u00f1o de ense\u00f1anza de m\u00fasica ser\u00e1 desde el instrumento hacia el instrumento, de tal forma que ser\u00e1 siempre imprescindible que el alumno\/a lleve su instrumento al centro, puesto que los conocimientos necesarios de lenguaje musical se los dar\u00e1 el profesor especialista en cuanto vayan apareciendo. De este modo hacemos un aprendizaje basado en la experimentaci\u00f3n inmediata del conocimiento adquirido, lo cual lo convierte en \u00fatil y en vivencial haciendo, al mismo tiempo, que estos conceptos queden fijados, puesto que forman parte de la pr\u00e1ctica cotidiana del m\u00fasico.[\/vc_column_text][vc_column_text css=&#8221;.vc_custom_1682752168457{padding-bottom: 20px !important;}&#8221;]<\/p>\n<table class=\"cursos\" width=\"541\">\n<tbody>\n<tr>\n<td class=\"title\" colspan=\"4\">\n<h2>12-18<br \/>\n(alumnado sin conocimientos de m\u00fasica)<\/h2>\n<\/td>\n<\/tr>\n<tr>\n<td style=\"width: 135px;\" rowspan=\"2\">\n<h3>MATERIAS<\/h3>\n<\/td>\n<td colspan=\"2\">\n<h3 style=\"text-align: center;\">CURSOS<\/h3>\n<\/td>\n<td><\/td>\n<\/tr>\n<tr>\n<td style=\"width: 135px;\"><\/td>\n<td style=\"width: 135px;\"><\/td>\n<td><\/td>\n<\/tr>\n<tr>\n<td style=\"width: 135px;\">Instrumento Colectivo<\/td>\n<td style=\"width: 135px; text-align: center;\">1h15\u00b4<\/td>\n<td style=\"width: 135px; text-align: center;\">1h15\u00b4<\/td>\n<td><\/td>\n<\/tr>\n<tr>\n<td style=\"width: 135px;\">Agrupaci\u00f3n instrumental<\/td>\n<td style=\"width: 135px; text-align: center;\">1h<\/td>\n<td style=\"width: 135px; text-align: center;\">1h<\/td>\n<td><\/td>\n<\/tr>\n<tr>\n<td style=\"width: 135px;\"><strong>Total<\/strong><\/td>\n<td style=\"width: 135px; text-align: center;\"><strong>2h 15\u00b4<\/strong><\/td>\n<td style=\"width: 135px; text-align: center;\"><strong>2h 15\u00b4<\/strong><\/td>\n<td><\/td>\n<\/tr>\n<\/tbody>\n<\/table>\n<p><!-- DivTable.com -->[\/vc_column_text][vc_column_text el_class=&#8221;hidden-lg hidden-md visible-sm visible-xs&#8221;]<span style=\"font-size: 12px; line-height: 90%; color: #ff4d33; font-weight: 600;\"><em>* Poner el m\u00f3vil en posici\u00f3n horitzontal para ver la tabla completa.<\/em><\/span>[\/vc_column_text][vc_column_text]<\/p>\n<h6><\/h6>\n<h6>\u2022 Alumnado con conocimientos de m\u00fasica<\/h6>\n<p>Estos alumnos pueden ser alumnos nuestros que han acabado SI FA SOL 4, de 4\u00ba de Ense\u00f1anzas Elementales o alumnado que viene de otros centros. En este itinerario el centro del aprendizaje ser\u00e1 el instrumento a trav\u00e9s de la agrupaci\u00f3n instrumental, reforzado por una sesi\u00f3n individual con el profesor especialista y una sesi\u00f3n de M\u00fasica Moderna en la que daremos recursos, herramientas y estrategias para la creatividad y la improvisaci\u00f3n tanto de manera manual como con herramientas digitales.[\/vc_column_text][vc_column_text]<\/p>\n<table class=\"cursos\" width=\"541\">\n<tbody>\n<tr>\n<td class=\"title\" colspan=\"2\">\n<h2 style=\"text-align: center;\">12-18<br \/>\n(alumnado con conocimientos de m\u00fasica)<\/h2>\n<\/td>\n<\/tr>\n<tr>\n<td style=\"width: 135px;\">\n<h3>MATERIAS<\/h3>\n<\/td>\n<td>\n<h3 style=\"text-align: center;\">Carga lectiva<\/h3>\n<\/td>\n<\/tr>\n<tr>\n<td style=\"width: 135px;\">Instrumento individual<\/td>\n<td style=\"width: 135px; text-align: center;\">1h 15&#8242;<\/td>\n<\/tr>\n<tr>\n<td style=\"width: 135px;\">Agrupaci\u00f3n instrumental<\/td>\n<td style=\"width: 135px; text-align: center;\">1h<\/td>\n<\/tr>\n<tr>\n<td style=\"width: 135px;\">M\u00fasica Moderna<\/td>\n<td style=\"width: 135px; text-align: center;\">1h<\/td>\n<\/tr>\n<tr>\n<td style=\"width: 135px;\"><strong>Total<\/strong><\/td>\n<td style=\"width: 135px; text-align: center;\"><strong>3h 15\u00b4<\/strong><\/td>\n<\/tr>\n<\/tbody>\n<\/table>\n<p>[\/vc_column_text][vc_column_text el_class=&#8221;hidden-lg hidden-md visible-sm visible-xs&#8221;]<span style=\"font-size: 12px; line-height: 90%; color: #ff4d33; font-weight: 600;\"><em>* Poner el m\u00f3vil en posici\u00f3n horitzontal para ver la tabla completa.<\/em><\/span>[\/vc_column_text][vc_btn title=&#8221;INSCRIPCI\u00d3N&#8221; color=&#8221;orange&#8221; link=&#8221;url:https%3A%2F%2Fwww.escolademusicadepalma.cat%2Fes%2Foferta-educativa%2F%231616665290186-f4cc94f4-2e5b|target:%20_blank|&#8221;][\/vc_column_inner][vc_column_inner width=&#8221;1\/2&#8243;][vc_empty_space][vc_empty_space][vc_empty_space][vc_empty_space][vc_empty_space][vc_empty_space][vc_empty_space][vc_empty_space][vc_empty_space][vc_empty_space][vc_video link=&#8221;https:\/\/youtu.be\/2WjZOrYaLSs&#8221;][\/vc_column_inner][\/vc_row_inner][\/vc_tta_section][vc_tta_section title=&#8221;+18&#8243; tab_id=&#8221;1531987022340-43917c94-af1f2f29-6226&#8243;][vc_row_inner css=&#8221;.vc_custom_1536566977714{padding-top: 2% !important;padding-right: 2% !important;padding-bottom: 2% !important;padding-left: 2% !important;}&#8221;][vc_column_inner width=&#8221;1\/2&#8243;][vc_images_carousel images=&#8221;14997,14998,14999,14915,15006&#8243; img_size=&#8221;medium&#8221; autoplay=&#8221;yes&#8221; wrap=&#8221;yes&#8221;][vc_column_text css=&#8221;.vc_custom_1533287187446{margin-bottom: 0px !important;padding-bottom: 10px !important;}&#8221;]<\/p>\n<h2>Adultos<\/h2>\n<p>[\/vc_column_text][vc_separator color=&#8221;custom&#8221; align=&#8221;align_left&#8221; border_width=&#8221;4&#8243; el_width=&#8221;10&#8243; accent_color=&#8221;#50e0c7&#8243;][vc_column_text]Ofrecemos clases de varios instrumentos para personas mayores de 18 a\u00f1os, con o sin conocimientos musicales. Nuestra oferta es:[\/vc_column_text][vc_column_text]<\/p>\n<table class=\"cursos\" width=\"400\">\n<tbody>\n<tr>\n<td class=\"title\" colspan=\"2\">\n<h2>TALLERES De INSTRUMENTO PARA ADULTOS<\/h2>\n<\/td>\n<\/tr>\n<tr>\n<td style=\"width: 135px;\">\n<h3>MATERIAS<\/h3>\n<\/td>\n<td>\n<h3 style=\"text-align: center;\">CURSO<\/h3>\n<\/td>\n<\/tr>\n<tr>\n<td style=\"width: 135px;\">Piano<\/td>\n<td style=\"width: 135px; text-align: center;\">45\u00b4<\/td>\n<\/tr>\n<tr>\n<td style=\"width: 135px;\">Guitarra<\/td>\n<td style=\"width: 135px; text-align: center;\">45\u00b4<\/td>\n<\/tr>\n<tr>\n<td style=\"width: 135px;\">Flauta<\/td>\n<td style=\"width: 135px; text-align: center;\">45\u00b4<\/td>\n<\/tr>\n<tr>\n<td style=\"width: 135px;\">Saxo<\/td>\n<td style=\"width: 135px; text-align: center;\">45\u00b4<\/td>\n<\/tr>\n<tr>\n<td style=\"width: 135px;\">Coro de adultos<\/td>\n<td style=\"width: 135px; text-align: center;\">60\u00b4<\/td>\n<\/tr>\n<\/tbody>\n<\/table>\n<p>[\/vc_column_text][vc_column_text el_class=&#8221;hidden-lg hidden-md visible-sm visible-xs&#8221;]<span style=\"font-size: 12px; line-height: 90%; color: #ff4d33; font-weight: 600;\"><em>* Poner el m\u00f3vil en posici\u00f3n horitzontal para ver la tabla completa.<\/em><\/span>[\/vc_column_text][vc_column_text]Los adultos tambi\u00e9n podr\u00e1n participar en las agrupaciones que funcionan en la escuela.[\/vc_column_text][vc_btn title=&#8221;INSCRIPCI\u00d3N&#8221; color=&#8221;orange&#8221; link=&#8221;url:https%3A%2F%2Fwww.escolademusicadepalma.cat%2Fes%2Foferta-educativa%2F%231616665290186-f4cc94f4-2e5b|target:%20_blank|&#8221;][\/vc_column_inner][vc_column_inner width=&#8221;1\/2&#8243;][vc_empty_space][vc_empty_space][vc_empty_space][vc_empty_space][vc_empty_space][vc_empty_space][vc_empty_space][vc_video link=&#8221;https:\/\/youtu.be\/8U34ZAGVb4g&#8221;][\/vc_column_inner][\/vc_row_inner][\/vc_tta_section][\/vc_column][\/vc_row][vc_row][\/vc_row][vc_column][\/vc_column][vc_column_text]<\/p>\n<p>S\u00f3c un bloc de text. Feu clic al bot\u00f3 Edita per canviar aquest text. Lorem Ipsum \u00e9s un text de farciment usat per la ind\u00fastria de la tipografia i la impremta.<\/p>\n<p>[\/vc_column_text]<\/p>\n<\/div>","protected":false},"excerpt":{"rendered":"<p>[vc_row][vc_column][vc_tta_tabs style=&#8221;modern&#8221; shape=&#8221;round&#8221; color=&#8221;orange&#8221; gap=&#8221;10&#8243; active_section=&#8221;1&#8243; css=&#8221;.vc_custom_1616746507442{background-position: center !important;background-repeat: no-repeat !important;background-size: cover !important;}&#8221;][\/vc_tta_tabs][vc_tta_section i_icon_fontawesome=&#8221;fa fa-home&#8221; add_icon=&#8221;true&#8221; tab_id=&#8221;1616745777278-3e87cbf2-cbb0&#8243;][\/vc_tta_section][vc_tta_section tab_id=&#8221;1616665290088-77a664e2-8be3&#8243; title=&#8221;Seguimento del proceso de admisi\u00f3n&#8221;][vc_row_inner][vc_column_inner][vc_column_text css=&#8221;&#8221;] Solicitud matr\u00edcula del 1 al 31&#8230;<\/p>\n","protected":false},"author":1,"featured_media":0,"parent":0,"menu_order":0,"comment_status":"closed","ping_status":"closed","template":"","meta":{"footnotes":""},"class_list":["post-15329","page","type-page","status-publish","hentry"],"yoast_head":"<!-- This site is optimized with the Yoast SEO plugin v27.4 - https:\/\/yoast.com\/product\/yoast-seo-wordpress\/ -->\n<title>Oferta educativa m\u00fasica - Escola Municipal de M\u00fasica de Palma<\/title>\n<meta name=\"description\" content=\"Conservatorio Elemental y Escuela municipal de M\u00fasica de Palma. Ense\u00f1anzas regladas y no regladas de diferentes tipos de instrumentos.\" \/>\n<meta name=\"robots\" content=\"index, follow, max-snippet:-1, max-image-preview:large, max-video-preview:-1\" \/>\n<link rel=\"canonical\" href=\"https:\/\/www.escolademusicadepalma.cat\/es\/oferta-educativa\/\" \/>\n<meta property=\"og:locale\" content=\"es_ES\" \/>\n<meta property=\"og:type\" content=\"article\" \/>\n<meta property=\"og:title\" content=\"Oferta educativa m\u00fasica - Escola Municipal de M\u00fasica de Palma\" \/>\n<meta property=\"og:description\" content=\"Conservatorio Elemental y Escuela municipal de M\u00fasica de Palma. Ense\u00f1anzas regladas y no regladas de diferentes tipos de instrumentos.\" \/>\n<meta property=\"og:url\" content=\"https:\/\/www.escolademusicadepalma.cat\/es\/oferta-educativa\/\" \/>\n<meta property=\"og:site_name\" content=\"Escola Municipal de M\u00fasica de Palma\" \/>\n<meta property=\"article:publisher\" content=\"https:\/\/www.facebook.com\/Escola-Municipal-de-M%c3%basica-de-Palma-428692967192319\/\" \/>\n<meta property=\"article:modified_time\" content=\"2026-04-27T14:55:14+00:00\" \/>\n<meta name=\"twitter:card\" content=\"summary_large_image\" \/>\n<meta name=\"twitter:site\" content=\"@esm_musicapalma\" \/>\n<meta name=\"twitter:label1\" content=\"Tiempo de lectura\" \/>\n\t<meta name=\"twitter:data1\" content=\"24 minutos\" \/>\n<script type=\"application\/ld+json\" class=\"yoast-schema-graph\">{\"@context\":\"https:\\\/\\\/schema.org\",\"@graph\":[{\"@type\":\"WebPage\",\"@id\":\"https:\\\/\\\/www.escolademusicadepalma.cat\\\/es\\\/oferta-educativa\\\/\",\"url\":\"https:\\\/\\\/www.escolademusicadepalma.cat\\\/es\\\/oferta-educativa\\\/\",\"name\":\"Oferta educativa m\u00fasica - Escola Municipal de M\u00fasica de Palma\",\"isPartOf\":{\"@id\":\"https:\\\/\\\/www.escolademusicadepalma.cat\\\/es\\\/#website\"},\"datePublished\":\"2018-07-17T05:55:57+00:00\",\"dateModified\":\"2026-04-27T14:55:14+00:00\",\"description\":\"Conservatorio Elemental y Escuela municipal de M\u00fasica de Palma. Ense\u00f1anzas regladas y no regladas de diferentes tipos de instrumentos.\",\"breadcrumb\":{\"@id\":\"https:\\\/\\\/www.escolademusicadepalma.cat\\\/es\\\/oferta-educativa\\\/#breadcrumb\"},\"inLanguage\":\"es\",\"potentialAction\":[{\"@type\":\"ReadAction\",\"target\":[\"https:\\\/\\\/www.escolademusicadepalma.cat\\\/es\\\/oferta-educativa\\\/\"]}]},{\"@type\":\"BreadcrumbList\",\"@id\":\"https:\\\/\\\/www.escolademusicadepalma.cat\\\/es\\\/oferta-educativa\\\/#breadcrumb\",\"itemListElement\":[{\"@type\":\"ListItem\",\"position\":1,\"name\":\"Inici\",\"item\":\"https:\\\/\\\/www.escolademusicadepalma.cat\\\/es\\\/\"},{\"@type\":\"ListItem\",\"position\":2,\"name\":\"Oferta educativa\"}]},{\"@type\":\"WebSite\",\"@id\":\"https:\\\/\\\/www.escolademusicadepalma.cat\\\/es\\\/#website\",\"url\":\"https:\\\/\\\/www.escolademusicadepalma.cat\\\/es\\\/\",\"name\":\"Escola Municipal de M\u00fasica de Palma\",\"description\":\"Escola Municipal de M\u00fasica de Palma\",\"publisher\":{\"@id\":\"https:\\\/\\\/www.escolademusicadepalma.cat\\\/es\\\/#organization\"},\"potentialAction\":[{\"@type\":\"SearchAction\",\"target\":{\"@type\":\"EntryPoint\",\"urlTemplate\":\"https:\\\/\\\/www.escolademusicadepalma.cat\\\/es\\\/?s={search_term_string}\"},\"query-input\":{\"@type\":\"PropertyValueSpecification\",\"valueRequired\":true,\"valueName\":\"search_term_string\"}}],\"inLanguage\":\"es\"},{\"@type\":\"Organization\",\"@id\":\"https:\\\/\\\/www.escolademusicadepalma.cat\\\/es\\\/#organization\",\"name\":\"Escola de M\u00fasica de Palma\",\"url\":\"https:\\\/\\\/www.escolademusicadepalma.cat\\\/es\\\/\",\"logo\":{\"@type\":\"ImageObject\",\"inLanguage\":\"es\",\"@id\":\"https:\\\/\\\/www.escolademusicadepalma.cat\\\/es\\\/#\\\/schema\\\/logo\\\/image\\\/\",\"url\":\"https:\\\/\\\/www.escolademusicadepalma.cat\\\/wp-content\\\/uploads\\\/2018\\\/11\\\/2.jpg\",\"contentUrl\":\"https:\\\/\\\/www.escolademusicadepalma.cat\\\/wp-content\\\/uploads\\\/2018\\\/11\\\/2.jpg\",\"width\":455,\"height\":146,\"caption\":\"Escola de M\u00fasica de Palma\"},\"image\":{\"@id\":\"https:\\\/\\\/www.escolademusicadepalma.cat\\\/es\\\/#\\\/schema\\\/logo\\\/image\\\/\"},\"sameAs\":[\"https:\\\/\\\/www.facebook.com\\\/Escola-Municipal-de-M\u00fasica-de-Palma-428692967192319\\\/\",\"https:\\\/\\\/x.com\\\/esm_musicapalma\",\"https:\\\/\\\/www.youtube.com\\\/channel\\\/UCTzSeD3hnXAQl-8uQo1NHOA\\\/featured\"]}]}<\/script>\n<!-- \/ Yoast SEO plugin. -->","yoast_head_json":{"title":"Oferta educativa m\u00fasica - Escola Municipal de M\u00fasica de Palma","description":"Conservatorio Elemental y Escuela municipal de M\u00fasica de Palma. Ense\u00f1anzas regladas y no regladas de diferentes tipos de instrumentos.","robots":{"index":"index","follow":"follow","max-snippet":"max-snippet:-1","max-image-preview":"max-image-preview:large","max-video-preview":"max-video-preview:-1"},"canonical":"https:\/\/www.escolademusicadepalma.cat\/es\/oferta-educativa\/","og_locale":"es_ES","og_type":"article","og_title":"Oferta educativa m\u00fasica - Escola Municipal de M\u00fasica de Palma","og_description":"Conservatorio Elemental y Escuela municipal de M\u00fasica de Palma. Ense\u00f1anzas regladas y no regladas de diferentes tipos de instrumentos.","og_url":"https:\/\/www.escolademusicadepalma.cat\/es\/oferta-educativa\/","og_site_name":"Escola Municipal de M\u00fasica de Palma","article_publisher":"https:\/\/www.facebook.com\/Escola-Municipal-de-M%c3%basica-de-Palma-428692967192319\/","article_modified_time":"2026-04-27T14:55:14+00:00","twitter_card":"summary_large_image","twitter_site":"@esm_musicapalma","twitter_misc":{"Tiempo de lectura":"24 minutos"},"schema":{"@context":"https:\/\/schema.org","@graph":[{"@type":"WebPage","@id":"https:\/\/www.escolademusicadepalma.cat\/es\/oferta-educativa\/","url":"https:\/\/www.escolademusicadepalma.cat\/es\/oferta-educativa\/","name":"Oferta educativa m\u00fasica - Escola Municipal de M\u00fasica de Palma","isPartOf":{"@id":"https:\/\/www.escolademusicadepalma.cat\/es\/#website"},"datePublished":"2018-07-17T05:55:57+00:00","dateModified":"2026-04-27T14:55:14+00:00","description":"Conservatorio Elemental y Escuela municipal de M\u00fasica de Palma. Ense\u00f1anzas regladas y no regladas de diferentes tipos de instrumentos.","breadcrumb":{"@id":"https:\/\/www.escolademusicadepalma.cat\/es\/oferta-educativa\/#breadcrumb"},"inLanguage":"es","potentialAction":[{"@type":"ReadAction","target":["https:\/\/www.escolademusicadepalma.cat\/es\/oferta-educativa\/"]}]},{"@type":"BreadcrumbList","@id":"https:\/\/www.escolademusicadepalma.cat\/es\/oferta-educativa\/#breadcrumb","itemListElement":[{"@type":"ListItem","position":1,"name":"Inici","item":"https:\/\/www.escolademusicadepalma.cat\/es\/"},{"@type":"ListItem","position":2,"name":"Oferta educativa"}]},{"@type":"WebSite","@id":"https:\/\/www.escolademusicadepalma.cat\/es\/#website","url":"https:\/\/www.escolademusicadepalma.cat\/es\/","name":"Escola Municipal de M\u00fasica de Palma","description":"Escola Municipal de M\u00fasica de Palma","publisher":{"@id":"https:\/\/www.escolademusicadepalma.cat\/es\/#organization"},"potentialAction":[{"@type":"SearchAction","target":{"@type":"EntryPoint","urlTemplate":"https:\/\/www.escolademusicadepalma.cat\/es\/?s={search_term_string}"},"query-input":{"@type":"PropertyValueSpecification","valueRequired":true,"valueName":"search_term_string"}}],"inLanguage":"es"},{"@type":"Organization","@id":"https:\/\/www.escolademusicadepalma.cat\/es\/#organization","name":"Escola de M\u00fasica de Palma","url":"https:\/\/www.escolademusicadepalma.cat\/es\/","logo":{"@type":"ImageObject","inLanguage":"es","@id":"https:\/\/www.escolademusicadepalma.cat\/es\/#\/schema\/logo\/image\/","url":"https:\/\/www.escolademusicadepalma.cat\/wp-content\/uploads\/2018\/11\/2.jpg","contentUrl":"https:\/\/www.escolademusicadepalma.cat\/wp-content\/uploads\/2018\/11\/2.jpg","width":455,"height":146,"caption":"Escola de M\u00fasica de Palma"},"image":{"@id":"https:\/\/www.escolademusicadepalma.cat\/es\/#\/schema\/logo\/image\/"},"sameAs":["https:\/\/www.facebook.com\/Escola-Municipal-de-M\u00fasica-de-Palma-428692967192319\/","https:\/\/x.com\/esm_musicapalma","https:\/\/www.youtube.com\/channel\/UCTzSeD3hnXAQl-8uQo1NHOA\/featured"]}]}},"_links":{"self":[{"href":"https:\/\/www.escolademusicadepalma.cat\/es\/wp-json\/wp\/v2\/pages\/15329","targetHints":{"allow":["GET"]}}],"collection":[{"href":"https:\/\/www.escolademusicadepalma.cat\/es\/wp-json\/wp\/v2\/pages"}],"about":[{"href":"https:\/\/www.escolademusicadepalma.cat\/es\/wp-json\/wp\/v2\/types\/page"}],"author":[{"embeddable":true,"href":"https:\/\/www.escolademusicadepalma.cat\/es\/wp-json\/wp\/v2\/users\/1"}],"replies":[{"embeddable":true,"href":"https:\/\/www.escolademusicadepalma.cat\/es\/wp-json\/wp\/v2\/comments?post=15329"}],"version-history":[{"count":45,"href":"https:\/\/www.escolademusicadepalma.cat\/es\/wp-json\/wp\/v2\/pages\/15329\/revisions"}],"predecessor-version":[{"id":16815,"href":"https:\/\/www.escolademusicadepalma.cat\/es\/wp-json\/wp\/v2\/pages\/15329\/revisions\/16815"}],"wp:attachment":[{"href":"https:\/\/www.escolademusicadepalma.cat\/es\/wp-json\/wp\/v2\/media?parent=15329"}],"curies":[{"name":"wp","href":"https:\/\/api.w.org\/{rel}","templated":true}]}}